{"id":6449,"date":"2019-10-31T11:03:48","date_gmt":"2019-10-31T11:03:48","guid":{"rendered":"https:\/\/certa.uab.cat\/?page_id=6449"},"modified":"2023-01-02T12:03:36","modified_gmt":"2023-01-02T12:03:36","slug":"calidad-e-innovacion-alimentaria","status":"publish","type":"page","link":"https:\/\/certa.uab.cat\/index.php\/es\/que-hacemos\/calidad-e-innovacion-alimentaria\/","title":{"rendered":"Calidad e Innovaci\u00f3n alimentaria"},"content":{"rendered":"[vc_row type=&#8221;full_width_background&#8221; full_screen_row_position=&#8221;middle&#8221; equal_height=&#8221;yes&#8221; content_placement=&#8221;middle&#8221; bg_image=&#8221;5902&#8243; bg_position=&#8221;left top&#8221; bg_repeat=&#8221;no-repeat&#8221; scene_position=&#8221;center&#8221; text_color=&#8221;light&#8221; text_align=&#8221;left&#8221; top_padding=&#8221;4%&#8221; bottom_padding=&#8221;4%&#8221; color_overlay=&#8221;rgba(10,6,6,0.84)&#8221; overlay_strength=&#8221;0.5&#8243; shape_divider_position=&#8221;bottom&#8221; bg_image_animation=&#8221;none&#8221; shape_type=&#8221;&#8221;][vc_column column_padding=&#8221;no-extra-padding&#8221; column_padding_position=&#8221;all&#8221; background_color_opacity=&#8221;1&#8243; background_hover_color_opacity=&#8221;1&#8243; column_link_target=&#8221;_self&#8221; column_shadow=&#8221;none&#8221; column_border_radius=&#8221;none&#8221; width=&#8221;1\/1&#8243; tablet_width_inherit=&#8221;default&#8221; tablet_text_alignment=&#8221;default&#8221; phone_text_alignment=&#8221;default&#8221; column_border_width=&#8221;none&#8221; column_border_style=&#8221;solid&#8221; bg_image_animation=&#8221;none&#8221;][vc_row_inner column_margin=&#8221;default&#8221; text_align=&#8221;left&#8221;][vc_column_inner column_padding=&#8221;no-extra-padding&#8221; column_padding_position=&#8221;all&#8221; background_color_opacity=&#8221;1&#8243; background_hover_color_opacity=&#8221;1&#8243; column_shadow=&#8221;none&#8221; column_border_radius=&#8221;none&#8221; column_link_target=&#8221;_self&#8221; width=&#8221;1\/6&#8243; tablet_width_inherit=&#8221;default&#8221; column_border_width=&#8221;none&#8221; column_border_style=&#8221;solid&#8221; bg_image_animation=&#8221;none&#8221;][\/vc_column_inner][vc_column_inner column_padding=&#8221;padding-2-percent&#8221; column_padding_position=&#8221;left-right&#8221; centered_text=&#8221;true&#8221; background_color_opacity=&#8221;1&#8243; background_hover_color_opacity=&#8221;1&#8243; column_shadow=&#8221;none&#8221; column_border_radius=&#8221;none&#8221; column_link_target=&#8221;_self&#8221; width=&#8221;2\/3&#8243; tablet_width_inherit=&#8221;default&#8221; column_border_width=&#8221;none&#8221; column_border_style=&#8221;solid&#8221; bg_image_animation=&#8221;none&#8221;][vc_custom_heading text=&#8221;Calidad e Innovaci\u00f3n alimentaria&#8221; font_container=&#8221;tag:h4|font_size:30|text_align:center&#8221; use_theme_fonts=&#8221;yes&#8221; css_animation=&#8221;fadeInUp&#8221;][\/vc_column_inner][vc_column_inner column_padding=&#8221;no-extra-padding&#8221; column_padding_position=&#8221;all&#8221; background_color_opacity=&#8221;1&#8243; background_hover_color_opacity=&#8221;1&#8243; column_shadow=&#8221;none&#8221; column_border_radius=&#8221;none&#8221; column_link_target=&#8221;_self&#8221; width=&#8221;1\/6&#8243; tablet_width_inherit=&#8221;default&#8221; column_border_width=&#8221;none&#8221; column_border_style=&#8221;solid&#8221; bg_image_animation=&#8221;none&#8221;][\/vc_column_inner][\/vc_row_inner][\/vc_column][\/vc_row][vc_row type=&#8221;full_width_background&#8221; full_screen_row_position=&#8221;middle&#8221; bg_color=&#8221;#ffffff&#8221; scene_position=&#8221;center&#8221; text_color=&#8221;dark&#8221; text_align=&#8221;left&#8221; top_padding=&#8221;5%&#8221; bottom_padding=&#8221;6%&#8221; overlay_strength=&#8221;0.3&#8243; shape_divider_position=&#8221;bottom&#8221; bg_image_animation=&#8221;none&#8221; shape_type=&#8221;&#8221;][vc_column column_padding=&#8221;no-extra-padding&#8221; column_padding_position=&#8221;all&#8221; background_color_opacity=&#8221;1&#8243; background_hover_color_opacity=&#8221;1&#8243; column_link_target=&#8221;_self&#8221; column_shadow=&#8221;none&#8221; column_border_radius=&#8221;none&#8221; width=&#8221;1\/1&#8243; tablet_width_inherit=&#8221;default&#8221; tablet_text_alignment=&#8221;default&#8221; phone_text_alignment=&#8221;default&#8221; column_border_width=&#8221;none&#8221; column_border_style=&#8221;solid&#8221; bg_image_animation=&#8221;none&#8221;][tabbed_section style=&#8221;material&#8221; alignment=&#8221;center&#8221; spacing=&#8221;side-45px&#8221; tab_color=&#8221;extra-color-gradient-2&#8243; full_width_line=&#8221;true&#8221; icon_size=&#8221;32&#8243;][tab icon_family=&#8221;none&#8221; title=&#8221;Mejora nutricional&#8221; id=&#8221;1672660954033-6&#8243; tab_id=&#8221;1672660954034-5&#8243;][vc_row_inner column_margin=&#8221;default&#8221; text_align=&#8221;left&#8221;][vc_column_inner column_padding=&#8221;no-extra-padding&#8221; column_padding_position=&#8221;all&#8221; background_color_opacity=&#8221;1&#8243; background_hover_color_opacity=&#8221;1&#8243; column_shadow=&#8221;none&#8221; column_border_radius=&#8221;none&#8221; column_link_target=&#8221;_self&#8221; width=&#8221;2\/3&#8243; tablet_width_inherit=&#8221;default&#8221; column_border_width=&#8221;none&#8221; column_border_style=&#8221;solid&#8221; bg_image_animation=&#8221;none&#8221;][nectar_gradient_text heading_tag=&#8221;h2&#8243; color=&#8221;extra-color-gradient-2&#8243; gradient_direction=&#8221;diagonal&#8221; text=&#8221;Desarrollo de productos alimenticios mejorados nutricionalmente&#8221;][\/vc_column_inner][vc_column_inner column_padding=&#8221;no-extra-padding&#8221; column_padding_position=&#8221;all&#8221; background_color_opacity=&#8221;1&#8243; background_hover_color_opacity=&#8221;1&#8243; column_shadow=&#8221;none&#8221; column_border_radius=&#8221;none&#8221; column_link_target=&#8221;_self&#8221; width=&#8221;1\/3&#8243; tablet_width_inherit=&#8221;default&#8221; column_border_width=&#8221;none&#8221; column_border_style=&#8221;solid&#8221; bg_image_animation=&#8221;none&#8221;][\/vc_column_inner][\/vc_row_inner][vc_row_inner column_margin=&#8221;default&#8221; text_align=&#8221;left&#8221;][vc_column_inner column_padding=&#8221;padding-3-percent&#8221; column_padding_position=&#8221;top-bottom&#8221; background_color_opacity=&#8221;1&#8243; background_hover_color_opacity=&#8221;1&#8243; column_shadow=&#8221;none&#8221; column_border_radius=&#8221;none&#8221; column_link_target=&#8221;_self&#8221; width=&#8221;2\/3&#8243; tablet_width_inherit=&#8221;default&#8221; column_border_width=&#8221;none&#8221; column_border_style=&#8221;solid&#8221; bg_image_animation=&#8221;none&#8221;][vc_column_text css=&#8221;.vc_custom_1667906500671{padding-right: 10% !important;}&#8221;]Los productos alimenticios utilizados como ingredientes pueden eliminar algunas caracter\u00edsticas nutritivas no deseadas, o pueden experimentar un proceso de biofortificaci\u00f3n para mejorar los beneficios nutricionales. Mediante la combinaci\u00f3n de ingredientes tradicionales o mejorados, los productos alimenticios formulados pueden satisfacer las demandas nutricionales de la poblaci\u00f3n. Se han utilizado nuevas tecnolog\u00edas para desarrollar productos l\u00e1cteos m\u00e1s saludables, especialmente centrados en la reducci\u00f3n de contenido de sodio y grasas y la utilizaci\u00f3n de los prebi\u00f3ticos y probi\u00f3ticos para mejorar sus efectos beneficiosos para la salud y mejorar la aceptaci\u00f3n sensorial. Obtenci\u00f3n y valoraci\u00f3n de probi\u00f3ticos.[\/vc_column_text][\/vc_column_inner][vc_column_inner column_padding=&#8221;padding-3-percent&#8221; column_padding_position=&#8221;top-bottom&#8221; background_color_opacity=&#8221;1&#8243; background_hover_color_opacity=&#8221;1&#8243; column_shadow=&#8221;none&#8221; column_border_radius=&#8221;none&#8221; column_link_target=&#8221;_self&#8221; width=&#8221;1\/3&#8243; tablet_width_inherit=&#8221;default&#8221; column_border_width=&#8221;none&#8221; column_border_style=&#8221;solid&#8221; bg_image_animation=&#8221;none&#8221;][vc_custom_heading text=&#8221;Investigadoras e investigadores&#8221; font_container=&#8221;tag:h3|text_align:left&#8221; use_theme_fonts=&#8221;yes&#8221;]<div class=\"nectar-fancy-ul\" data-list-icon=\"icon-salient-thin-line\" data-animation=\"false\" data-animation-delay=\"0\" data-color=\"extra-color-2\" data-spacing=\"default\" data-alignment=\"left\"> \n<ul>\n<li>Manuel Castillo Zambudio. <a href=\"\/index.php\/equip\/manuel-castillo\/\">Ver perfil<\/a><\/li>\n<li>Victoria Ferragut P\u00e9rez. <a href=\"\/index.php\/equip\/victoria-ferragut\/\">Ver perfil<\/a><\/li>\n<li>Bibiana Juan Godoy. <a href=\"\/index.php\/equip\/bibiana-juan-godoy\/\">Ver perfil<\/a><\/li>\n<li>Jordi Saldo Periago. <a href=\"https:\/\/certa.uab.cat\/index.php\/es\/equipo\/jordi-saldo-es\/\">Ver perfil<\/a><\/li>\n<li>Antonio Jos\u00e9 Trujillo Mesa. <a href=\"\/index.php\/equip\/antonio-jose-trujillo\/\">Ver perfil<\/a><\/li>\n<\/ul>\n <\/div>[\/vc_column_inner][\/vc_row_inner][\/tab][tab icon_family=&#8221;none&#8221; title=&#8221;Necesidades especiales&#8221; id=&#8221;1672660954175-6&#8243; tab_id=&#8221;1672660954176-1&#8243;][vc_row_inner column_margin=&#8221;default&#8221; text_align=&#8221;left&#8221;][vc_column_inner column_padding=&#8221;no-extra-padding&#8221; column_padding_position=&#8221;all&#8221; background_color_opacity=&#8221;1&#8243; background_hover_color_opacity=&#8221;1&#8243; column_shadow=&#8221;none&#8221; column_border_radius=&#8221;none&#8221; column_link_target=&#8221;_self&#8221; width=&#8221;2\/3&#8243; tablet_width_inherit=&#8221;default&#8221; column_border_width=&#8221;none&#8221; column_border_style=&#8221;solid&#8221; bg_image_animation=&#8221;none&#8221;][nectar_gradient_text heading_tag=&#8221;h2&#8243; color=&#8221;extra-color-gradient-2&#8243; gradient_direction=&#8221;diagonal&#8221; text=&#8221;Alimentos para grupos de poblaci\u00f3n con necesidades especiales&#8221;][\/vc_column_inner][vc_column_inner column_padding=&#8221;no-extra-padding&#8221; column_padding_position=&#8221;all&#8221; background_color_opacity=&#8221;1&#8243; background_hover_color_opacity=&#8221;1&#8243; column_shadow=&#8221;none&#8221; column_border_radius=&#8221;none&#8221; column_link_target=&#8221;_self&#8221; width=&#8221;1\/3&#8243; tablet_width_inherit=&#8221;default&#8221; column_border_width=&#8221;none&#8221; column_border_style=&#8221;solid&#8221; bg_image_animation=&#8221;none&#8221;][\/vc_column_inner][\/vc_row_inner][vc_row_inner column_margin=&#8221;default&#8221; text_align=&#8221;left&#8221;][vc_column_inner column_padding=&#8221;padding-3-percent&#8221; column_padding_position=&#8221;top-bottom&#8221; background_color_opacity=&#8221;1&#8243; background_hover_color_opacity=&#8221;1&#8243; column_shadow=&#8221;none&#8221; column_border_radius=&#8221;none&#8221; column_link_target=&#8221;_self&#8221; width=&#8221;2\/3&#8243; tablet_width_inherit=&#8221;default&#8221; column_border_width=&#8221;none&#8221; column_border_style=&#8221;solid&#8221; bg_image_animation=&#8221;none&#8221;][vc_column_text css=&#8221;.vc_custom_1572520000332{padding-right: 10% !important;}&#8221;]Desarrollo de pan libre de gluten a trav\u00e9s de la formulaci\u00f3n y alternativas tecnol\u00f3gicas para mejorar las caracter\u00edsticas sensoriales, ampliar su vida \u00fatil y garantizar sus propiedades nutritivas.[\/vc_column_text][\/vc_column_inner][vc_column_inner column_padding=&#8221;padding-3-percent&#8221; column_padding_position=&#8221;top-bottom&#8221; background_color_opacity=&#8221;1&#8243; background_hover_color_opacity=&#8221;1&#8243; column_shadow=&#8221;none&#8221; column_border_radius=&#8221;none&#8221; column_link_target=&#8221;_self&#8221; width=&#8221;1\/3&#8243; tablet_width_inherit=&#8221;default&#8221; column_border_width=&#8221;none&#8221; column_border_style=&#8221;solid&#8221; bg_image_animation=&#8221;none&#8221;][vc_custom_heading text=&#8221;Investigadoras e investigadores&#8221; font_container=&#8221;tag:h3|text_align:left&#8221; use_theme_fonts=&#8221;yes&#8221;]<div class=\"nectar-fancy-ul\" data-list-icon=\"icon-salient-thin-line\" data-animation=\"false\" data-animation-delay=\"0\" data-color=\"extra-color-2\" data-spacing=\"default\" data-alignment=\"left\"> \n<ul>\n<li>Marta Capellas Puig. <a href=\"\/index.php\/equip\/marta-capellas\/\">Ver perfil<\/a><\/li>\n<\/ul>\n <\/div>[\/vc_column_inner][\/vc_row_inner][\/tab][tab icon_family=&#8221;none&#8221; title=&#8221;Liberaci\u00f3n de compuestos bioactivos&#8221; id=&#8221;1672660954273-2&#8243; tab_id=&#8221;1672660954274-6&#8243;][vc_row_inner column_margin=&#8221;default&#8221; text_align=&#8221;left&#8221;][vc_column_inner column_padding=&#8221;no-extra-padding&#8221; column_padding_position=&#8221;all&#8221; background_color_opacity=&#8221;1&#8243; background_hover_color_opacity=&#8221;1&#8243; column_shadow=&#8221;none&#8221; column_border_radius=&#8221;none&#8221; column_link_target=&#8221;_self&#8221; width=&#8221;2\/3&#8243; tablet_width_inherit=&#8221;default&#8221; column_border_width=&#8221;none&#8221; column_border_style=&#8221;solid&#8221; bg_image_animation=&#8221;none&#8221;][nectar_gradient_text heading_tag=&#8221;h2&#8243; color=&#8221;extra-color-gradient-2&#8243; gradient_direction=&#8221;diagonal&#8221; text=&#8221;Sistemas de liberaci\u00f3n de compuestos bioactivos&#8221;][\/vc_column_inner][vc_column_inner column_padding=&#8221;no-extra-padding&#8221; column_padding_position=&#8221;all&#8221; background_color_opacity=&#8221;1&#8243; background_hover_color_opacity=&#8221;1&#8243; column_shadow=&#8221;none&#8221; column_border_radius=&#8221;none&#8221; column_link_target=&#8221;_self&#8221; width=&#8221;1\/3&#8243; tablet_width_inherit=&#8221;default&#8221; column_border_width=&#8221;none&#8221; column_border_style=&#8221;solid&#8221; bg_image_animation=&#8221;none&#8221;][\/vc_column_inner][\/vc_row_inner][vc_row_inner column_margin=&#8221;default&#8221; text_align=&#8221;left&#8221;][vc_column_inner column_padding=&#8221;padding-3-percent&#8221; column_padding_position=&#8221;top-bottom&#8221; background_color_opacity=&#8221;1&#8243; background_hover_color_opacity=&#8221;1&#8243; column_shadow=&#8221;none&#8221; column_border_radius=&#8221;none&#8221; column_link_target=&#8221;_self&#8221; width=&#8221;2\/3&#8243; tablet_width_inherit=&#8221;default&#8221; column_border_width=&#8221;none&#8221; column_border_style=&#8221;solid&#8221; bg_image_animation=&#8221;none&#8221;][vc_column_text css=&#8221;.vc_custom_1572520024813{padding-right: 10% !important;}&#8221;]En la actualidad, los consumidores exigen cada vez m\u00e1s productos alimenticios de alta calidad, seguros y saludables. Las emulsiones nanostructuradas pueden tener el potencial de proteger y mejorar la liberaci\u00f3n y la actividad biol\u00f3gica de los compuestos activos encapsulados com\u00fanmente incorporados a los productos alimenticios, como antimicrobianos naturales y nutrac\u00e9uticos, protegiendo o incluso mejorando sus propiedades funcionales.[\/vc_column_text][\/vc_column_inner][vc_column_inner column_padding=&#8221;padding-3-percent&#8221; column_padding_position=&#8221;top-bottom&#8221; background_color_opacity=&#8221;1&#8243; background_hover_color_opacity=&#8221;1&#8243; column_shadow=&#8221;none&#8221; column_border_radius=&#8221;none&#8221; column_link_target=&#8221;_self&#8221; width=&#8221;1\/3&#8243; tablet_width_inherit=&#8221;default&#8221; column_border_width=&#8221;none&#8221; column_border_style=&#8221;solid&#8221; bg_image_animation=&#8221;none&#8221;][vc_custom_heading text=&#8221;Investigadoras e investigadores&#8221; font_container=&#8221;tag:h3|text_align:left&#8221; use_theme_fonts=&#8221;yes&#8221;]<div class=\"nectar-fancy-ul\" data-list-icon=\"icon-salient-thin-line\" data-animation=\"false\" data-animation-delay=\"0\" data-color=\"extra-color-2\" data-spacing=\"default\" data-alignment=\"left\"> \n<ul>\n<li>Victoria Ferragut P\u00e9rez. <a href=\"\/index.php\/equip\/victoria-ferragut\/\">Ver perfil<\/a><\/li>\n<li>Bibiana Juan Godoy. <a href=\"\/index.php\/equip\/bibiana-juan-godoy\/\">Ver perfil<\/a><\/li>\n<li>Antonio Jos\u00e9 Trujillo Mesa. <a href=\"\/index.php\/equip\/antonio-jose-trujillo\/\">Ver perfil<\/a><\/li>\n<\/ul>\n <\/div>[\/vc_column_inner][\/vc_row_inner][\/tab][tab icon_family=&#8221;none&#8221; title=&#8221;Subproductos alimenticios&#8221; id=&#8221;1672660954387-1&#8243; tab_id=&#8221;1672660954388-3&#8243;][vc_row_inner column_margin=&#8221;default&#8221; text_align=&#8221;left&#8221;][vc_column_inner column_padding=&#8221;no-extra-padding&#8221; column_padding_position=&#8221;all&#8221; background_color_opacity=&#8221;1&#8243; background_hover_color_opacity=&#8221;1&#8243; column_shadow=&#8221;none&#8221; column_border_radius=&#8221;none&#8221; column_link_target=&#8221;_self&#8221; width=&#8221;2\/3&#8243; tablet_width_inherit=&#8221;default&#8221; column_border_width=&#8221;none&#8221; column_border_style=&#8221;solid&#8221; bg_image_animation=&#8221;none&#8221;][nectar_gradient_text heading_tag=&#8221;h2&#8243; color=&#8221;extra-color-gradient-2&#8243; gradient_direction=&#8221;diagonal&#8221; text=&#8221;Valorizaci\u00f3n de sub-productos alimenticios&#8221;][\/vc_column_inner][vc_column_inner column_padding=&#8221;no-extra-padding&#8221; column_padding_position=&#8221;all&#8221; background_color_opacity=&#8221;1&#8243; background_hover_color_opacity=&#8221;1&#8243; column_shadow=&#8221;none&#8221; column_border_radius=&#8221;none&#8221; column_link_target=&#8221;_self&#8221; width=&#8221;1\/3&#8243; tablet_width_inherit=&#8221;default&#8221; column_border_width=&#8221;none&#8221; column_border_style=&#8221;solid&#8221; bg_image_animation=&#8221;none&#8221;][\/vc_column_inner][\/vc_row_inner][vc_row_inner column_margin=&#8221;default&#8221; text_align=&#8221;left&#8221;][vc_column_inner column_padding=&#8221;padding-3-percent&#8221; column_padding_position=&#8221;top-bottom&#8221; background_color_opacity=&#8221;1&#8243; background_hover_color_opacity=&#8221;1&#8243; column_shadow=&#8221;none&#8221; column_border_radius=&#8221;none&#8221; column_link_target=&#8221;_self&#8221; width=&#8221;2\/3&#8243; tablet_width_inherit=&#8221;default&#8221; column_border_width=&#8221;none&#8221; column_border_style=&#8221;solid&#8221; bg_image_animation=&#8221;none&#8221;][vc_column_text css=&#8221;.vc_custom_1572520057796{padding-right: 10% !important;}&#8221;]Modificaci\u00f3n de sub-productos de la industria alimentaria y los alimentos b\u00e1sicos de baja calidad mediante procesos bioqu\u00edmicos, biol\u00f3gicos o f\u00edsicos para liberar todo su potencial mediante la obtenci\u00f3n de fracciones ricas en algunos ingredientes funcionales (como aumentar la proporci\u00f3n de fibra soluble o producir fracciones ricas en p\u00e9ptidos bioactivos), o utilizando el ingrediente modificado en la formulaci\u00f3n de alimentos nuevos o mejorados.[\/vc_column_text][\/vc_column_inner][vc_column_inner column_padding=&#8221;padding-3-percent&#8221; column_padding_position=&#8221;top-bottom&#8221; background_color_opacity=&#8221;1&#8243; background_hover_color_opacity=&#8221;1&#8243; column_shadow=&#8221;none&#8221; column_border_radius=&#8221;none&#8221; column_link_target=&#8221;_self&#8221; width=&#8221;1\/3&#8243; tablet_width_inherit=&#8221;default&#8221; column_border_width=&#8221;none&#8221; column_border_style=&#8221;solid&#8221; bg_image_animation=&#8221;none&#8221;][vc_custom_heading text=&#8221;Investigadoras e investigadores&#8221; font_container=&#8221;tag:h3|text_align:left&#8221; use_theme_fonts=&#8221;yes&#8221;]<div class=\"nectar-fancy-ul\" data-list-icon=\"icon-salient-thin-line\" data-animation=\"false\" data-animation-delay=\"0\" data-color=\"extra-color-2\" data-spacing=\"default\" data-alignment=\"left\"> \n<ul>\n<li>Bibiana Juan Godoy. <a href=\"\/index.php\/equip\/bibiana-juan-godoy\/\">Ver perfil<\/a><\/li>\n<li>Montserrat Mor-Mur Francesch. <a href=\"\/index.php\/equip\/montserrat-mor-mur\/\">Ver perfil<\/a><\/li>\n<li>Jordi Saldo Periago. <a href=\"https:\/\/certa.uab.cat\/index.php\/es\/equipo\/jordi-saldo-es\/\">Ver perfil<\/a><\/li>\n<li>Antonio Jos\u00e9 Trujillo Mesa. <a href=\"\/index.php\/equip\/antonio-jose-trujillo\/\">Ver perfil<\/a><\/li>\n<\/ul>\n <\/div>[\/vc_column_inner][\/vc_row_inner][\/tab][\/tabbed_section][\/vc_column][\/vc_row]\n","protected":false},"excerpt":{"rendered":"<p>[vc_row type=&#8221;full_width_background&#8221; full_screen_row_position=&#8221;middle&#8221; equal_height=&#8221;yes&#8221; content_placement=&#8221;middle&#8221; bg_image=&#8221;5902&#8243; bg_position=&#8221;left top&#8221; bg_repeat=&#8221;no-repeat&#8221; scene_position=&#8221;center&#8221; text_color=&#8221;light&#8221; text_align=&#8221;left&#8221; top_padding=&#8221;4%&#8221; bottom_padding=&#8221;4%&#8221; color_overlay=&#8221;rgba(10,6,6,0.84)&#8221; overlay_strength=&#8221;0.5&#8243; shape_divider_position=&#8221;bottom&#8221; bg_image_animation=&#8221;none&#8221; shape_type=&#8221;&#8221;][vc_column column_padding=&#8221;no-extra-padding&#8221; column_padding_position=&#8221;all&#8221; background_color_opacity=&#8221;1&#8243; background_hover_color_opacity=&#8221;1&#8243; column_link_target=&#8221;_self&#8221; column_shadow=&#8221;none&#8221;&#8230;<\/p>\n","protected":false},"author":1,"featured_media":0,"parent":6411,"menu_order":0,"comment_status":"closed","ping_status":"closed","template":"","meta":[],"aioseo_notices":[],"_links":{"self":[{"href":"https:\/\/certa.uab.cat\/index.php\/wp-json\/wp\/v2\/pages\/6449"}],"collection":[{"href":"https:\/\/certa.uab.cat\/index.php\/wp-json\/wp\/v2\/pages"}],"about":[{"href":"https:\/\/certa.uab.cat\/index.php\/wp-json\/wp\/v2\/types\/page"}],"author":[{"embeddable":true,"href":"https:\/\/certa.uab.cat\/index.php\/wp-json\/wp\/v2\/users\/1"}],"replies":[{"embeddable":true,"href":"https:\/\/certa.uab.cat\/index.php\/wp-json\/wp\/v2\/comments?post=6449"}],"version-history":[{"count":8,"href":"https:\/\/certa.uab.cat\/index.php\/wp-json\/wp\/v2\/pages\/6449\/revisions"}],"predecessor-version":[{"id":7125,"href":"https:\/\/certa.uab.cat\/index.php\/wp-json\/wp\/v2\/pages\/6449\/revisions\/7125"}],"up":[{"embeddable":true,"href":"https:\/\/certa.uab.cat\/index.php\/wp-json\/wp\/v2\/pages\/6411"}],"wp:attachment":[{"href":"https:\/\/certa.uab.cat\/index.php\/wp-json\/wp\/v2\/media?parent=6449"}],"curies":[{"name":"wp","href":"https:\/\/api.w.org\/{rel}","templated":true}]}}