{"id":6441,"date":"2019-10-31T10:41:31","date_gmt":"2019-10-31T10:41:31","guid":{"rendered":"https:\/\/certa.uab.cat\/?page_id=6441"},"modified":"2023-01-02T11:57:18","modified_gmt":"2023-01-02T11:57:18","slug":"seguredad-alimentaria","status":"publish","type":"page","link":"https:\/\/certa.uab.cat\/index.php\/es\/que-hacemos\/seguredad-alimentaria\/","title":{"rendered":"Seguridad alimentaria"},"content":{"rendered":"[vc_row type=&#8221;full_width_background&#8221; full_screen_row_position=&#8221;middle&#8221; equal_height=&#8221;yes&#8221; content_placement=&#8221;middle&#8221; bg_image=&#8221;5902&#8243; bg_position=&#8221;left top&#8221; bg_repeat=&#8221;no-repeat&#8221; scene_position=&#8221;center&#8221; text_color=&#8221;light&#8221; text_align=&#8221;left&#8221; top_padding=&#8221;4%&#8221; bottom_padding=&#8221;4%&#8221; color_overlay=&#8221;rgba(10,6,6,0.84)&#8221; overlay_strength=&#8221;0.5&#8243; shape_divider_position=&#8221;bottom&#8221; bg_image_animation=&#8221;none&#8221; shape_type=&#8221;&#8221;][vc_column column_padding=&#8221;no-extra-padding&#8221; column_padding_position=&#8221;all&#8221; background_color_opacity=&#8221;1&#8243; background_hover_color_opacity=&#8221;1&#8243; column_link_target=&#8221;_self&#8221; column_shadow=&#8221;none&#8221; column_border_radius=&#8221;none&#8221; width=&#8221;1\/1&#8243; tablet_width_inherit=&#8221;default&#8221; tablet_text_alignment=&#8221;default&#8221; phone_text_alignment=&#8221;default&#8221; column_border_width=&#8221;none&#8221; column_border_style=&#8221;solid&#8221; bg_image_animation=&#8221;none&#8221;][vc_row_inner column_margin=&#8221;default&#8221; text_align=&#8221;left&#8221;][vc_column_inner column_padding=&#8221;no-extra-padding&#8221; column_padding_position=&#8221;all&#8221; background_color_opacity=&#8221;1&#8243; background_hover_color_opacity=&#8221;1&#8243; column_shadow=&#8221;none&#8221; column_border_radius=&#8221;none&#8221; column_link_target=&#8221;_self&#8221; width=&#8221;1\/6&#8243; tablet_width_inherit=&#8221;default&#8221; column_border_width=&#8221;none&#8221; column_border_style=&#8221;solid&#8221; bg_image_animation=&#8221;none&#8221;][\/vc_column_inner][vc_column_inner column_padding=&#8221;padding-2-percent&#8221; column_padding_position=&#8221;left-right&#8221; centered_text=&#8221;true&#8221; background_color_opacity=&#8221;1&#8243; background_hover_color_opacity=&#8221;1&#8243; column_shadow=&#8221;none&#8221; column_border_radius=&#8221;none&#8221; column_link_target=&#8221;_self&#8221; width=&#8221;2\/3&#8243; tablet_width_inherit=&#8221;default&#8221; column_border_width=&#8221;none&#8221; column_border_style=&#8221;solid&#8221; bg_image_animation=&#8221;none&#8221;][vc_custom_heading text=&#8221;Seguridad alimentaria&#8221; font_container=&#8221;tag:h4|font_size:30|text_align:center&#8221; use_theme_fonts=&#8221;yes&#8221; css_animation=&#8221;fadeInUp&#8221;][\/vc_column_inner][vc_column_inner column_padding=&#8221;no-extra-padding&#8221; column_padding_position=&#8221;all&#8221; background_color_opacity=&#8221;1&#8243; background_hover_color_opacity=&#8221;1&#8243; column_shadow=&#8221;none&#8221; column_border_radius=&#8221;none&#8221; column_link_target=&#8221;_self&#8221; width=&#8221;1\/6&#8243; tablet_width_inherit=&#8221;default&#8221; column_border_width=&#8221;none&#8221; column_border_style=&#8221;solid&#8221; bg_image_animation=&#8221;none&#8221;][\/vc_column_inner][\/vc_row_inner][\/vc_column][\/vc_row][vc_row type=&#8221;full_width_background&#8221; full_screen_row_position=&#8221;middle&#8221; bg_color=&#8221;#ffffff&#8221; scene_position=&#8221;center&#8221; text_color=&#8221;dark&#8221; text_align=&#8221;left&#8221; top_padding=&#8221;5%&#8221; bottom_padding=&#8221;6%&#8221; overlay_strength=&#8221;0.3&#8243; shape_divider_position=&#8221;bottom&#8221; bg_image_animation=&#8221;none&#8221; shape_type=&#8221;&#8221;][vc_column column_padding=&#8221;no-extra-padding&#8221; column_padding_position=&#8221;all&#8221; background_color_opacity=&#8221;1&#8243; background_hover_color_opacity=&#8221;1&#8243; column_link_target=&#8221;_self&#8221; column_shadow=&#8221;none&#8221; column_border_radius=&#8221;none&#8221; width=&#8221;1\/1&#8243; tablet_width_inherit=&#8221;default&#8221; tablet_text_alignment=&#8221;default&#8221; phone_text_alignment=&#8221;default&#8221; column_border_width=&#8221;none&#8221; column_border_style=&#8221;solid&#8221; bg_image_animation=&#8221;none&#8221;][tabbed_section style=&#8221;material&#8221; alignment=&#8221;center&#8221; spacing=&#8221;side-45px&#8221; tab_color=&#8221;extra-color-gradient-1&#8243; full_width_line=&#8221;true&#8221; icon_size=&#8221;32&#8243;][tab icon_family=&#8221;none&#8221; title=&#8221;Control de limpieza y desinfecci\u00f3n&#8221; id=&#8221;1672660368361-3&#8243; tab_id=&#8221;1672660368362-4&#8243;][vc_row_inner column_margin=&#8221;default&#8221; text_align=&#8221;left&#8221;][vc_column_inner column_padding=&#8221;no-extra-padding&#8221; column_padding_position=&#8221;all&#8221; background_color_opacity=&#8221;1&#8243; background_hover_color_opacity=&#8221;1&#8243; column_shadow=&#8221;none&#8221; column_border_radius=&#8221;none&#8221; column_link_target=&#8221;_self&#8221; width=&#8221;2\/3&#8243; tablet_width_inherit=&#8221;default&#8221; column_border_width=&#8221;none&#8221; column_border_style=&#8221;solid&#8221; bg_image_animation=&#8221;none&#8221;][nectar_gradient_text heading_tag=&#8221;h2&#8243; color=&#8221;extra-color-gradient-1&#8243; gradient_direction=&#8221;diagonal&#8221; text=&#8221;Control de limpieza y desinfecci\u00f3n&#8221;][\/vc_column_inner][vc_column_inner column_padding=&#8221;no-extra-padding&#8221; column_padding_position=&#8221;all&#8221; background_color_opacity=&#8221;1&#8243; background_hover_color_opacity=&#8221;1&#8243; column_shadow=&#8221;none&#8221; column_border_radius=&#8221;none&#8221; column_link_target=&#8221;_self&#8221; width=&#8221;1\/3&#8243; tablet_width_inherit=&#8221;default&#8221; column_border_width=&#8221;none&#8221; column_border_style=&#8221;solid&#8221; bg_image_animation=&#8221;none&#8221;][\/vc_column_inner][\/vc_row_inner][vc_row_inner column_margin=&#8221;default&#8221; text_align=&#8221;left&#8221;][vc_column_inner column_padding=&#8221;padding-3-percent&#8221; column_padding_position=&#8221;top-bottom&#8221; background_color_opacity=&#8221;1&#8243; background_hover_color_opacity=&#8221;1&#8243; column_shadow=&#8221;none&#8221; column_border_radius=&#8221;none&#8221; column_link_target=&#8221;_self&#8221; width=&#8221;2\/3&#8243; tablet_width_inherit=&#8221;default&#8221; column_border_width=&#8221;none&#8221; column_border_style=&#8221;solid&#8221; bg_image_animation=&#8221;none&#8221;][vc_column_text css=&#8221;.vc_custom_1572518581632{padding-right: 10% !important;}&#8221;]Evaluaci\u00f3n de las condiciones de diferentes superficies, incluyendo materiales s\u00f3lidos, l\u00edquidos, inertes y org\u00e1nicos, que afectan a la formaci\u00f3n y el crecimiento de microorganismos. Mecanismos que permiten la supervivencia de los microorganismos en las superficies. Sistemas de detecci\u00f3n y eliminaci\u00f3n de microorganismos de superficie. Eficacia de los sistemas de control e interacci\u00f3n entre microorganismos. Sustancias de limpieza y\/o acci\u00f3n biocida que previenen o limitan el crecimiento de microorganismos en las superficies.[\/vc_column_text][\/vc_column_inner][vc_column_inner column_padding=&#8221;padding-3-percent&#8221; column_padding_position=&#8221;top-bottom&#8221; background_color_opacity=&#8221;1&#8243; background_hover_color_opacity=&#8221;1&#8243; column_shadow=&#8221;none&#8221; column_border_radius=&#8221;none&#8221; column_link_target=&#8221;_self&#8221; width=&#8221;1\/3&#8243; tablet_width_inherit=&#8221;default&#8221; column_border_width=&#8221;none&#8221; column_border_style=&#8221;solid&#8221; bg_image_animation=&#8221;none&#8221;][vc_custom_heading text=&#8221;Investigadoras e investigadores&#8221; font_container=&#8221;tag:h3|text_align:left&#8221; use_theme_fonts=&#8221;yes&#8221;]<div class=\"nectar-fancy-ul\" data-list-icon=\"icon-salient-thin-line\" data-animation=\"false\" data-animation-delay=\"0\" data-color=\"extra-color-2\" data-spacing=\"default\" data-alignment=\"left\"> \n<ul>\n<li>Montserrat Mor-Mur Francesch. <a href=\"\/index.php\/equip\/montserrat-mor-mur\/\">Ver perfil<\/a><\/li>\n<li>Manuela Hern\u00e1ndez. <a href=\"https:\/\/certa.uab.cat\/index.php\/es\/equipo\/manuela-hernandez-es\/\">Ver perfil<\/a><\/li>\n<li>Artur Xavier Roig. <a href=\"https:\/\/certa.uab.cat\/index.php\/es\/equipo\/artur-xavier-roig-es\/\">Ver perfil<\/a><\/li>\n<li>Jos\u00e9 Juan Rodr\u00edguez. <a href=\"https:\/\/certa.uab.cat\/index.php\/es\/equipo\/jose-juan-rodriguez-es\/\">Ver perfil<\/a><\/li>\n<li>Carolina Ripoll\u00e9s \u00c0vila. <a href=\"https:\/\/certa.uab.cat\/index.php\/es\/equipo\/carolina-ripolles-avila-es\/\">Ver perfil<\/a><\/li>\n<\/ul>\n <\/div>[\/vc_column_inner][\/vc_row_inner][\/tab][tab icon_family=&#8221;none&#8221; title=&#8221;Tecnolog\u00edas emergentes&#8221; id=&#8221;1672660368514-6&#8243; tab_id=&#8221;1672660368516-2&#8243;][vc_row_inner column_margin=&#8221;default&#8221; text_align=&#8221;left&#8221;][vc_column_inner column_padding=&#8221;no-extra-padding&#8221; column_padding_position=&#8221;all&#8221; background_color_opacity=&#8221;1&#8243; background_hover_color_opacity=&#8221;1&#8243; column_shadow=&#8221;none&#8221; column_border_radius=&#8221;none&#8221; column_link_target=&#8221;_self&#8221; width=&#8221;2\/3&#8243; tablet_width_inherit=&#8221;default&#8221; column_border_width=&#8221;none&#8221; column_border_style=&#8221;solid&#8221; bg_image_animation=&#8221;none&#8221;][nectar_gradient_text heading_tag=&#8221;h2&#8243; color=&#8221;extra-color-gradient-1&#8243; gradient_direction=&#8221;diagonal&#8221; text=&#8221;Tecnolog\u00edas emergentes&#8221;][\/vc_column_inner][vc_column_inner column_padding=&#8221;no-extra-padding&#8221; column_padding_position=&#8221;all&#8221; background_color_opacity=&#8221;1&#8243; background_hover_color_opacity=&#8221;1&#8243; column_shadow=&#8221;none&#8221; column_border_radius=&#8221;none&#8221; column_link_target=&#8221;_self&#8221; width=&#8221;1\/3&#8243; tablet_width_inherit=&#8221;default&#8221; column_border_width=&#8221;none&#8221; column_border_style=&#8221;solid&#8221; bg_image_animation=&#8221;none&#8221;][\/vc_column_inner][\/vc_row_inner][vc_row_inner column_margin=&#8221;default&#8221; text_align=&#8221;left&#8221;][vc_column_inner column_padding=&#8221;padding-3-percent&#8221; column_padding_position=&#8221;top-bottom&#8221; background_color_opacity=&#8221;1&#8243; background_hover_color_opacity=&#8221;1&#8243; column_shadow=&#8221;none&#8221; column_border_radius=&#8221;none&#8221; column_link_target=&#8221;_self&#8221; width=&#8221;2\/3&#8243; tablet_width_inherit=&#8221;default&#8221; column_border_width=&#8221;none&#8221; column_border_style=&#8221;solid&#8221; bg_image_animation=&#8221;none&#8221;][vc_column_text css=&#8221;.vc_custom_1573728054574{padding-right: 10% !important;}&#8221;]Evaluaci\u00f3n y validaci\u00f3n de la aplicaci\u00f3n de las nuevas tecnolog\u00edas, especialmente aquellas basadas en la radiaci\u00f3n ultravioleta, alta presi\u00f3n hidrost\u00e1tica y homogeneizaci\u00f3n por alta presi\u00f3n, para asegurar la inactivaci\u00f3n de pat\u00f3genos y microorganismos de deterioro que pueden contaminar los alimentos, como alternativas a las tecnolog\u00edas t\u00e9rmicas tradicionales, generalmente con un efecto negativo sobre los componentes nutricionales y las propiedades funcionales de los alimentos.[\/vc_column_text][\/vc_column_inner][vc_column_inner column_padding=&#8221;padding-3-percent&#8221; column_padding_position=&#8221;top-bottom&#8221; background_color_opacity=&#8221;1&#8243; background_hover_color_opacity=&#8221;1&#8243; column_shadow=&#8221;none&#8221; column_border_radius=&#8221;none&#8221; column_link_target=&#8221;_self&#8221; width=&#8221;1\/3&#8243; tablet_width_inherit=&#8221;default&#8221; column_border_width=&#8221;none&#8221; column_border_style=&#8221;solid&#8221; bg_image_animation=&#8221;none&#8221;][vc_custom_heading text=&#8221;Investigadoras e investigadores&#8221; font_container=&#8221;tag:h3|text_align:left&#8221; use_theme_fonts=&#8221;yes&#8221;]<div class=\"nectar-fancy-ul\" data-list-icon=\"icon-salient-thin-line\" data-animation=\"false\" data-animation-delay=\"0\" data-color=\"extra-color-2\" data-spacing=\"default\" data-alignment=\"left\"> \n<ul>\n<li>Marta Capellas Puig. <a href=\"\/index.php\/equip\/marta-capellas\/\">Ver perfil<\/a><\/li>\n<li>Victoria Ferragut P\u00e9rez. <a href=\"\/index.php\/equip\/victoria-ferragut\/\">Ver perfil<\/a><\/li>\n<li>Mar\u00eda Manuela Hern\u00e1ndez Herrero. <a href=\"\/index.php\/equip\/manuela-hernandez\/\">Ver perfil<\/a><\/li>\n<li>Bibiana Juan Godoy. <a href=\"\/index.php\/equip\/bibiana-juan-godoy\/\">Ver perfil<\/a><\/li>\n<li>Montserrat Mor-Mur Francesch. <a href=\"\/index.php\/equip\/montserrat-mor-mur\/\">Ver perfil<\/a><\/li>\n<li>Artur Xavier Roig Sagu\u00e9s. <a href=\"https:\/\/certa.uab.cat\/index.php\/es\/equipo\/artur-xavier-roig-es\/\">Ver perfil<\/a><\/li>\n<li>Jordi Saldo Periago. <a href=\"https:\/\/certa.uab.cat\/index.php\/es\/equipo\/jordi-saldo-es\/\">Ver perfil<\/a><\/li>\n<li>Antonio Jos\u00e9 Trujillo Mesa. <a href=\"\/index.php\/equip\/antonio-jose-trujillo\/\">Ver perfil<\/a><\/li>\n<li>Carolina Ripoll\u00e9s \u00c0vila. <a href=\"https:\/\/certa.uab.cat\/index.php\/es\/equipo\/carolina-ripolles-avila-es\/\">Ver perfil<\/a><\/li>\n<\/ul>\n <\/div>[\/vc_column_inner][\/vc_row_inner][\/tab][tab icon_family=&#8221;none&#8221; title=&#8221;Microorganismos pat\u00f3genos&#8221; id=&#8221;1672660368626-5&#8243; tab_id=&#8221;1672660368627-3&#8243;][vc_row_inner column_margin=&#8221;default&#8221; text_align=&#8221;left&#8221;][vc_column_inner column_padding=&#8221;no-extra-padding&#8221; column_padding_position=&#8221;all&#8221; background_color_opacity=&#8221;1&#8243; background_hover_color_opacity=&#8221;1&#8243; column_shadow=&#8221;none&#8221; column_border_radius=&#8221;none&#8221; column_link_target=&#8221;_self&#8221; width=&#8221;2\/3&#8243; tablet_width_inherit=&#8221;default&#8221; column_border_width=&#8221;none&#8221; column_border_style=&#8221;solid&#8221; bg_image_animation=&#8221;none&#8221;][nectar_gradient_text heading_tag=&#8221;h2&#8243; color=&#8221;extra-color-gradient-1&#8243; gradient_direction=&#8221;diagonal&#8221; text=&#8221;Microorganismos pat\u00f3genos y de deterioro relevantes en la industria alimentaria&#8221;][\/vc_column_inner][vc_column_inner column_padding=&#8221;no-extra-padding&#8221; column_padding_position=&#8221;all&#8221; background_color_opacity=&#8221;1&#8243; background_hover_color_opacity=&#8221;1&#8243; column_shadow=&#8221;none&#8221; column_border_radius=&#8221;none&#8221; column_link_target=&#8221;_self&#8221; width=&#8221;1\/3&#8243; tablet_width_inherit=&#8221;default&#8221; column_border_width=&#8221;none&#8221; column_border_style=&#8221;solid&#8221; bg_image_animation=&#8221;none&#8221;][\/vc_column_inner][\/vc_row_inner][vc_row_inner column_margin=&#8221;default&#8221; text_align=&#8221;left&#8221;][vc_column_inner column_padding=&#8221;padding-3-percent&#8221; column_padding_position=&#8221;top-bottom&#8221; background_color_opacity=&#8221;1&#8243; background_hover_color_opacity=&#8221;1&#8243; column_shadow=&#8221;none&#8221; column_border_radius=&#8221;none&#8221; column_link_target=&#8221;_self&#8221; width=&#8221;2\/3&#8243; tablet_width_inherit=&#8221;default&#8221; column_border_width=&#8221;none&#8221; column_border_style=&#8221;solid&#8221; bg_image_animation=&#8221;none&#8221;][vc_column_text css=&#8221;.vc_custom_1668693650858{padding-right: 10% !important;}&#8221;]Dise\u00f1amos y realizamos estudios y pruebas experimentales para simular y validar las condiciones de procesado de los alimentos en la industria alimentaria y su posterior almacenamiento y conservaci\u00f3n (vida \u00fatil), con la finalidad de evaluar objetivamente la eficacia de los procesos que son m\u00e1s determinantes como medidas de control dentro del plan APPCC (HACCP) en base a la legislaci\u00f3n vigente (Reglamentos 852\/2004; 853\/2005 y 2073\/2005), y que son necesarios tambi\u00e9n para la implantaci\u00f3n de est\u00e1ndares de certificaci\u00f3n de la inocuidad de los productos elaborados, como BRC, IFS e ISO 22000. Estos estudios se pueden realizar como \u201cchallenge test\u201d, mediante la inoculaci\u00f3n en condiciones de contenci\u00f3n biol\u00f3gica (en laboratorio de bioseguridad) de <em>Listeria monocytogenes<\/em> u otros microorganismos pat\u00f3genos como <em>Clostridium botulinum<\/em> de importancia en productos como la miel y productos c\u00e1rnicos con reducci\u00f3n del contenido de nitratos\/nitritos, as\u00ed como con cualquier microorganismo alterante.\u00a0Ello permite validar el proceso tecnol\u00f3gico, como tratamientos t\u00e9rmicos a baja temperatura, UHPH, UVc y per\u00f3xido de hidr\u00f3geno atomizando, determinando su capacidad de recuperaci\u00f3n y desarrollo o durante la vida comercial de los alimentos. Tambi\u00e9n se puede complementar la validaci\u00f3n de la eficacia de los procesos en base a la aplicaci\u00f3n de modelos predictivos.[\/vc_column_text][\/vc_column_inner][vc_column_inner column_padding=&#8221;padding-3-percent&#8221; column_padding_position=&#8221;top-bottom&#8221; background_color_opacity=&#8221;1&#8243; background_hover_color_opacity=&#8221;1&#8243; column_shadow=&#8221;none&#8221; column_border_radius=&#8221;none&#8221; column_link_target=&#8221;_self&#8221; width=&#8221;1\/3&#8243; tablet_width_inherit=&#8221;default&#8221; column_border_width=&#8221;none&#8221; column_border_style=&#8221;solid&#8221; bg_image_animation=&#8221;none&#8221;][vc_custom_heading text=&#8221;Investigadoras e investigadores&#8221; font_container=&#8221;tag:h3|text_align:left&#8221; use_theme_fonts=&#8221;yes&#8221;]<div class=\"nectar-fancy-ul\" data-list-icon=\"icon-salient-thin-line\" data-animation=\"false\" data-animation-delay=\"0\" data-color=\"extra-color-2\" data-spacing=\"default\" data-alignment=\"left\"> \n<ul>\n<li>Marta Capellas Puig. <a href=\"\/index.php\/equip\/marta-capellas\/\">Ver perfil<\/a><\/li>\n<li>Mar\u00eda Manuela Hern\u00e1ndez Herrero. <a href=\"\/index.php\/equip\/manuela-hernandez\/\">Ver perfil<\/a><\/li>\n<li>Montserrat Mor-Mur Francesch. <a href=\"\/index.php\/equip\/montserrat-mor-mur\/\">Ver perfil<\/a><\/li>\n<li>Artur Xavier Roig Sagu\u00e9s. <a href=\"https:\/\/certa.uab.cat\/index.php\/es\/equipo\/artur-xavier-roig-es\/\">Ver perfil<\/a><\/li>\n<li>Josep Yuste Puigvert. <a href=\"https:\/\/certa.uab.cat\/index.php\/es\/equipo\/josep-yuste-es\/\">Ver perfil<\/a><\/li>\n<li>Carollina Ripoll\u00e9s \u00c0vila. <a href=\"https:\/\/certa.uab.cat\/index.php\/es\/equipo\/carolina-ripolles-avila-es\/\">Ver perfil<\/a><\/li>\n<li>Maria dels \u00c0ngels Calvo Torras. <a href=\"https:\/\/certa.uab.cat\/index.php\/es\/equipo\/m-de-los-angeles-calvo-es\/\">Ver perfil<\/a><\/li>\n<\/ul>\n <\/div>[\/vc_column_inner][\/vc_row_inner][\/tab][\/tabbed_section][\/vc_column][\/vc_row]\n","protected":false},"excerpt":{"rendered":"<p>[vc_row type=&#8221;full_width_background&#8221; full_screen_row_position=&#8221;middle&#8221; equal_height=&#8221;yes&#8221; content_placement=&#8221;middle&#8221; bg_image=&#8221;5902&#8243; bg_position=&#8221;left top&#8221; bg_repeat=&#8221;no-repeat&#8221; scene_position=&#8221;center&#8221; text_color=&#8221;light&#8221; text_align=&#8221;left&#8221; top_padding=&#8221;4%&#8221; bottom_padding=&#8221;4%&#8221; color_overlay=&#8221;rgba(10,6,6,0.84)&#8221; overlay_strength=&#8221;0.5&#8243; shape_divider_position=&#8221;bottom&#8221; bg_image_animation=&#8221;none&#8221; shape_type=&#8221;&#8221;][vc_column column_padding=&#8221;no-extra-padding&#8221; column_padding_position=&#8221;all&#8221; background_color_opacity=&#8221;1&#8243; background_hover_color_opacity=&#8221;1&#8243; column_link_target=&#8221;_self&#8221; column_shadow=&#8221;none&#8221;&#8230;<\/p>\n","protected":false},"author":1,"featured_media":0,"parent":6411,"menu_order":0,"comment_status":"closed","ping_status":"closed","template":"","meta":[],"aioseo_notices":[],"_links":{"self":[{"href":"https:\/\/certa.uab.cat\/index.php\/wp-json\/wp\/v2\/pages\/6441"}],"collection":[{"href":"https:\/\/certa.uab.cat\/index.php\/wp-json\/wp\/v2\/pages"}],"about":[{"href":"https:\/\/certa.uab.cat\/index.php\/wp-json\/wp\/v2\/types\/page"}],"author":[{"embeddable":true,"href":"https:\/\/certa.uab.cat\/index.php\/wp-json\/wp\/v2\/users\/1"}],"replies":[{"embeddable":true,"href":"https:\/\/certa.uab.cat\/index.php\/wp-json\/wp\/v2\/comments?post=6441"}],"version-history":[{"count":10,"href":"https:\/\/certa.uab.cat\/index.php\/wp-json\/wp\/v2\/pages\/6441\/revisions"}],"predecessor-version":[{"id":7122,"href":"https:\/\/certa.uab.cat\/index.php\/wp-json\/wp\/v2\/pages\/6441\/revisions\/7122"}],"up":[{"embeddable":true,"href":"https:\/\/certa.uab.cat\/index.php\/wp-json\/wp\/v2\/pages\/6411"}],"wp:attachment":[{"href":"https:\/\/certa.uab.cat\/index.php\/wp-json\/wp\/v2\/media?parent=6441"}],"curies":[{"name":"wp","href":"https:\/\/api.w.org\/{rel}","templated":true}]}}